{"id":25,"date":"2024-08-14T11:43:55","date_gmt":"2024-08-14T11:43:55","guid":{"rendered":"https:\/\/mladost-rinia.mk\/?page_id=25"},"modified":"2024-08-14T12:50:39","modified_gmt":"2024-08-14T12:50:39","slug":"ishrana","status":"publish","type":"page","link":"https:\/\/mladost-rinia.mk\/sq\/ishrana\/","title":{"rendered":"Ushqimi"},"content":{"rendered":"<p>   Me fillimin e vitit arsimor t\u00eb p\u00ebrkujdesjes v\u00ebmendje e ve\u00e7ant\u00eb i kushtohet ushqyerjes s\u00eb f\u00ebmij\u00ebve dhe respektimit efektiv t\u00eb neneve 66 dhe 67 t\u00eb Rregullores p\u00ebr standardet dhe normat e kryerjes s\u00eb veprimtaris\u00eb s\u00eb institucioneve t\u00eb f\u00ebmij\u00ebve.<\/p>\n\n\n\n<p>Ushqimi q\u00eb p\u00ebrgatitet p\u00ebr f\u00ebmij\u00ebt n\u00eb kopshtin ton\u00eb \u00ebsht\u00eb i sh\u00ebndetsh\u00ebm, optimal dhe i balancuar me produkte ushqimore biologjikisht t\u00eb vlefshme q\u00eb mund t\u00eb plot\u00ebsojn\u00eb nevojat energjetike, marrjen cil\u00ebsore dhe sasiore t\u00eb makro dhe mikro ushqyesve q\u00eb do t\u00eb sigurojn\u00eb rritjen dhe zhvillimin harmonik t\u00eb f\u00ebmij\u00ebs si dhe parandalimin e s\u00ebmundjeve.<\/p>\n\n\n\n<p>F\u00ebmij\u00ebt q\u00eb kan\u00eb probleme t\u00eb caktuara sh\u00ebndet\u00ebsore dhe nuk mund t\u00eb konsumojn\u00eb ushqimin e p\u00ebrgatitur sipas list\u00ebs s\u00eb dh\u00ebn\u00eb, vendosen n\u00eb nj\u00eb qasje t\u00eb ve\u00e7ant\u00eb dhe regjim ditor t\u00eb diet\u00ebs.<\/p>\n\n\n\n<p>P\u00ebr f\u00ebmij\u00ebt alergjik\u00eb ndaj llojeve t\u00eb caktuara t\u00eb ushqimit ose glutenit kur prindi v\u00ebrteton nevoj\u00ebn p\u00ebr nj\u00eb diet\u00eb t\u00eb ve\u00e7ant\u00eb me certifikat\u00eb mjek\u00ebsore, p\u00ebrgjegj\u00ebsit e institucionit q\u00eb jan\u00eb n\u00eb kontakt t\u00eb drejtp\u00ebrdrejt\u00eb p\u00ebr gjendjen e f\u00ebmij\u00ebs dhe \u00e7far\u00eb duhet b\u00ebr\u00eb n\u00eb rast t\u00eb nj\u00eb sulmi nga alergjen dhe i nj\u00ebjti vihet n\u00eb nj\u00eb diet\u00eb t\u00eb ve\u00e7ant\u00eb.<\/p>\n\n\n\n<h5 class=\"wp-block-heading has-text-align-center\"><strong>&nbsp;USHQIMI I F\u00cbMIJ\u00cbVE NGA 8 MUAJ DHE 2 VJE\u00c7<\/strong><\/h5>\n\n\n\n<p>Vaktet e planifikuara jan\u00eb specifike p\u00ebr mosh\u00ebn e tyre sepse bazohen n\u00eb qum\u00ebshtin e gjirit dhe formul\u00ebn dhe p\u00ebrb\u00ebhen nga kat\u00ebr deri n\u00eb pes\u00eb vakte n\u00eb dit\u00eb n\u00eb var\u00ebsi t\u00eb nevojave t\u00eb f\u00ebmij\u00ebs.<\/p>\n\n\n\n<h5 class=\"wp-block-heading has-text-align-center\"><strong>USHQIMI I F\u00cbMIJ\u00cbVE NGA 2 DERI 6 VJE\u00c7<\/strong><\/h5>\n\n\n\n<p>Dieta ditore p\u00ebrb\u00ebhet nga kat\u00ebr vakte: m\u00ebngjes, drek\u00eb dhe dy meze.<\/p>\n\n\n\n<h5 class=\"wp-block-heading has-text-align-center\"><strong>USHQIMI I F\u00cbMIJ\u00cbVE NGA QENDRAT E ZHVILLIMIT T\u00cb F\u00cbMIJ\u00cbVE T\u00cb HERSHME<\/strong><\/h5>\n\n\n\n<p>Kjo form\u00eb e pun\u00ebs me f\u00ebmij\u00ebt nga 3-6 vje\u00e7 p\u00ebrfshin kujdesin dhe realizimin e aktiviteteve edukative p\u00ebr nj\u00eb periudh\u00eb prej tre (3) or\u00ebsh n\u00eb dit\u00eb dhe nuk ofrohet ushqim p\u00ebr f\u00ebmij\u00ebt.<\/p>\n\n\n\n<h5 class=\"wp-block-heading has-text-align-center\"><strong>USHQIMI I GRUPET N\u00cb KUSHTE T\u00cb TJERA HAP\u00cbSINORE<\/strong><\/h5>\n\n\n\n<p>N\u00eb k\u00ebto grupe f\u00ebmij\u00ebt marrin nj\u00eb vakt p\u00ebr shkak t\u00eb q\u00ebndrimit t\u00eb shkurtuar n\u00eb kopsht.<\/p>","protected":false},"excerpt":{"rendered":"<p>\u0421\u043e \u0437\u0430\u043f\u043e\u0447\u043d\u0443\u0432\u0430\u045a\u0435 \u043d\u0430 \u0437\u0433\u0440\u0438\u0436\u0443\u0432\u0430\u0447\u043a\u043e \u0432\u043e\u0441\u043f\u0438\u0442\u043d\u0430\u0442\u0430 \u0433\u043e\u0434\u0438\u043d\u0430 \u043f\u043e\u0441\u0435\u0431\u043d\u043e \u0432\u043d\u0438\u043c\u0430\u043d\u0438\u0435 \u0441\u0435 \u043e\u0431\u0432\u0440\u043d\u0443\u0432\u0430 \u043d\u0430 \u0438\u0441\u0445\u0440\u0430\u043d\u0430\u0442\u0430 \u043d\u0430 \u0434\u0435\u0446\u0430\u0442\u0430 \u0438 \u0434\u0435\u043b\u043e\u0441\u043d\u043e \u043f\u043e\u0447\u0438\u0442\u0443\u0432\u0430\u045a\u0435 \u043d\u0430 \u0447\u043b\u0435\u043d\u043e\u0432\u0438\u0442\u0435 66 \u0438 67 \u043e\u0434 \u041f\u0440\u0430\u0432\u0438\u043b\u043d\u0438\u043a\u043e\u0442 \u0437\u0430 \u0441\u0442\u0430\u043d\u0434\u0430\u0440\u0434\u0438 \u0438 \u043d\u043e\u0440\u043c\u0430\u0442\u0438\u0432\u0438 \u0437\u0430 \u0432\u0440\u0448\u0435\u045a\u0435 \u043d\u0430 \u0434\u0435\u0458\u043d\u043e\u0441\u0442\u0430 \u043d\u0430 \u0443\u0441\u0442\u0430\u043d\u043e\u0432\u0430\u0442\u0430 \u0437\u0430 \u0434\u0435\u0446\u0430. \u0425\u0440\u0430\u043d\u0430\u0442\u0430 \u043a\u043e\u0458\u0430 \u0441\u0435 \u043f\u043e\u0434\u0433\u043e\u0442\u0432\u0443\u0432\u0430 [&hellip;]<\/p>","protected":false},"author":1,"featured_media":0,"parent":0,"menu_order":0,"comment_status":"closed","ping_status":"closed","template":"","meta":{"footnotes":""},"class_list":["post-25","page","type-page","status-publish","hentry"],"_links":{"self":[{"href":"https:\/\/mladost-rinia.mk\/sq\/wp-json\/wp\/v2\/pages\/25","targetHints":{"allow":["GET"]}}],"collection":[{"href":"https:\/\/mladost-rinia.mk\/sq\/wp-json\/wp\/v2\/pages"}],"about":[{"href":"https:\/\/mladost-rinia.mk\/sq\/wp-json\/wp\/v2\/types\/page"}],"author":[{"embeddable":true,"href":"https:\/\/mladost-rinia.mk\/sq\/wp-json\/wp\/v2\/users\/1"}],"replies":[{"embeddable":true,"href":"https:\/\/mladost-rinia.mk\/sq\/wp-json\/wp\/v2\/comments?post=25"}],"version-history":[{"count":4,"href":"https:\/\/mladost-rinia.mk\/sq\/wp-json\/wp\/v2\/pages\/25\/revisions"}],"predecessor-version":[{"id":130,"href":"https:\/\/mladost-rinia.mk\/sq\/wp-json\/wp\/v2\/pages\/25\/revisions\/130"}],"wp:attachment":[{"href":"https:\/\/mladost-rinia.mk\/sq\/wp-json\/wp\/v2\/media?parent=25"}],"curies":[{"name":"wp","href":"https:\/\/api.w.org\/{rel}","templated":true}]}}